{"version":"1.0","provider_name":"Tal\u00e1lj t\u00e1rsat blog","provider_url":"https:\/\/talaljtarsat.cafeblog.hu","author_name":"Farkas Csaba","author_url":"https:\/\/talaljtarsat.cafeblog.hu\/author\/farkas_csaba\/","title":"\u00dcdv\u00f6zl\u00e9s","html":"<a href=\"https:\/\/talaljtarsat.cafeblog.hu\/files\/2016\/12\/udvozles.png\"><img src=\"https:\/\/talaljtarsat.cafeblog.hu\/files\/2016\/12\/udvozles-300x200.png\" alt=\"udvozles\" width=\"300\" height=\"200\" class=\"alignnone size-medium wp-image-1640\" \/><\/a>\r\n<p><b>\u00dcdv\u00f6zl\u00e9s<\/b><\/p>\r\n\r\nOly korban \u00e9lek, ahol\r\nfurcs\u00e1n n\u00e9znek r\u00e1m ha\r\nk\u00f6sz\u00f6n\u00f6k \u00e9s k\u00e9rek\r\neln\u00e9z\u00e9st, vagy bocs\u00e1natot.<!--more-->\r\n\u00dcdv\u00f6zl\u00e9sre sokszor m\u00e9g\r\negy fejb\u00f3lint\u00e1st sem kapok\r\nv\u00e1laszul, s mindemell\u00e9\r\nha mosolyogni is merek, \r\ncsak sim\u00e1n bolondnak\r\nn\u00e9znek az emberek.\r\nOly korban \u00e9lek, ahol\r\na l\u00e9gysz\u00edves, a k\u00e9rlek\r\nidegennek t\u0171nik, \r\na bocs\u00e1nat, a ne haragudj\r\na sz\u00f3kincsb\u0151l\r\nlassan v\u00e9gleg elt\u0171nik. \r\nS a k\u00f3r egyre csak terjed, \r\nmeg\u00e1ll\u00edthatatlan a v\u00e9rz\u00e9s, \r\nnincs se sajn\u00e1lom, se eln\u00e9z\u00e9st...\r\n\r\nSzerz\u0151: K\u00f3nya J\u00falia&nbsp;&nbsp;2016.03.03&nbsp;17:00&nbsp; (Cs\u00fct\u00f6rt\u00f6k)<\/p>","type":"rich","thumbnail_url":"https:\/\/talaljtarsat.cafeblog.hu\/files\/2016\/12\/udvozles-150x150.png","thumbnail_width":150,"thumbnail_height":150}