{"version":"1.0","provider_name":"Tal\u00e1lj t\u00e1rsat blog","provider_url":"https:\/\/talaljtarsat.cafeblog.hu","author_name":"Farkas Csaba","author_url":"https:\/\/talaljtarsat.cafeblog.hu\/author\/farkas_csaba\/","title":"Harcolnod kell","html":"<a href=\"https:\/\/talaljtarsat.cafeblog.hu\/files\/2016\/06\/pad.jpg\"><img src=\"https:\/\/talaljtarsat.cafeblog.hu\/files\/2016\/06\/pad-300x198.jpg\" alt=\"pad\" width=\"300\" height=\"200\" class=\"alignnone size-medium wp-image-996\" \/><\/a>\r\n<p><b>Harcolnod kell<\/b><\/p>\r\nMi\u00e9rt keresed folyton a kifog\u00e1st\r\nT\u00e1n nem is l\u00e1tsz m\u00e1st\r\nNem is l\u00e1tsz j\u00f3 megold\u00e1st\r\nNem l\u00e1tsz t\u00e1n komoly v\u00e1ltoz\u00e1st\r\n\r\nMond mi\u00e9rt is menek\u00fclsz\r\n\u00cdgy csak megsz\u00e9gyen\u00fclsz\r\nPedig el\u00e9r egyszer a v\u00e9gzet\r\nL\u00e1tod magadban a j\u00f3t a sz\u00e9pet<p>\r\n<!--more-->Ez\u00e9rt:\r\n\r\nNe ker\u00fcld az elker\u00fclhetetlent\r\nNe s\u00edrasd m\u00e9g a menthetetlent\r\nNe j\u00e1tszd el a telhetetlent\r\nNe mutasd a k\u00e9rlelhetetlent\r\n\r\nHarcolnod kell,m\u00edg \u00e9lsz\r\nHisz semmit\u0151l sem f\u00e9lsz\r\nA f\u00e1jdalomb\u00f3l t\u00f6bb\u00e9 nem k\u00e9rsz\r\nJ\u00f3 lenne, ha \u00e9szhez t\u00e9rsz\r\n\r\nH\u00e1t tedd azt, amit kell\r\nHisz t\u00e9ged senki nem k\u00e9rlel\r\nA gondolataid t\u00f6bb\u00e9 nem terel\r\nRajtad m\u00falik miben hiszel\r\n\r\nA szerencse az \u00f6ledbe nem pottyan\r\nEgy kis harc meg se kottyan\r\nMegs\u00faghatn\u00e1d magadnak halkan\r\nNem maradhatsz \u00edgy a szarban\r\n\r\nEz\u00e9rt:\r\n\r\nNe ker\u00fcld az elker\u00fclhetetlent\r\nNe s\u00edrasd m\u00e9g a menthetetlent\r\nNe j\u00e1tszd el a telhetetlent\r\nNe mutasd a k\u00e9rlelhetetlent\r\n\r\nHarcolnod kell,m\u00edg \u00e9lsz\r\nHisz semmit\u0151l sem f\u00e9lsz\r\nA f\u00e1jdalomb\u00f3l t\u00f6bb\u00e9 nem k\u00e9rsz\r\nJ\u00f3 lenne, ha \u00e9szhez t\u00e9rsz\r\n\r\n\r\nJ\u00e1tszd el kicsit gondolatban\r\nMilyen j\u00f3 \u00e9lni \u00fagy boldogan\r\nP\u00e1roddal egy padon csendben,halkan\r\nOsztozni szeretetben, \u00f6r\u00f6mben \u00e9s b\u00e1natban\r\n\r\nMegjegyezhetn\u00e9d magadnak halkan\r\nA szerencse az \u00f6ledbe nem pottyan\r\nA harc neked meg se kottyan\r\nNem maradhatsz \u00edgy a szarban\r\n\r\n\u00c1llj k\u00f6t\u00e9lnek s tedd azt amit kell\r\n\u00c9rted soha senki sem felel\r\n\u00c9rzed magadban mindent megteszel\r\nEgy \u00e1llom\u00e1sra \u00fagyis meg\u00e9rkezel\r\n\r\nEz\u00e9rt:\r\n\r\nNe ker\u00fcld az elker\u00fclhetetlent\r\nNe s\u00edrasd m\u00e9g a menthetetlent\r\nNe j\u00e1tszd el a telhetetlent\r\nNe mutasd a k\u00e9rlelhetetlent\r\n\r\nHarcolnod kell,m\u00edg \u00e9lsz\r\nHisz semmit\u0151l sem f\u00e9lsz\r\nA f\u00e1jdalomb\u00f3l t\u00f6bb\u00e9 nem k\u00e9rsz\r\nJ\u00f3 lenne, ha \u00e9szhez t\u00e9rsz\r\n\r\nSzerz\u0151: Farkas Csaba&nbsp;&nbsp;2016.06.22&nbsp;18:45&nbsp; (Kedd)","type":"rich","thumbnail_url":"https:\/\/talaljtarsat.cafeblog.hu\/files\/2016\/06\/pad-150x150.jpg","thumbnail_width":150,"thumbnail_height":150}